{"id":94,"date":"2024-08-30T13:44:03","date_gmt":"2024-08-30T11:44:03","guid":{"rendered":"https:\/\/www.alsikekloster.com\/?page_id=94"},"modified":"2024-11-21T13:43:00","modified_gmt":"2024-11-21T12:43:00","slug":"home","status":"publish","type":"page","link":"https:\/\/www.alsikekloster.com\/","title":{"rendered":""},"content":{"rendered":"\n<div class=\"wp-block-group alignfull has-accent-background-color has-background has-global-padding is-layout-constrained wp-container-core-group-is-layout-669513ed wp-block-group-is-layout-constrained\" style=\"margin-top:0;margin-bottom:0;padding-top:var(--wp--preset--spacing--50);padding-right:var(--wp--preset--spacing--50);padding-bottom:var(--wp--preset--spacing--50);padding-left:var(--wp--preset--spacing--50)\">\n<div class=\"wp-block-columns alignwide is-layout-flex wp-container-core-columns-is-layout-1da03c2a wp-block-columns-is-layout-flex\">\n<div class=\"wp-block-column is-vertically-aligned-stretch is-layout-flow wp-block-column-is-layout-flow\" style=\"flex-basis:50%\">\n<div class=\"wp-block-group is-vertical is-content-justification-stretch is-layout-flex wp-container-core-group-is-layout-444d5ee8 wp-block-group-is-layout-flex\" style=\"min-height:100%\">\n<p class=\"has-heading-font-family has-x-large-font-size\" style=\"line-height:1.2\"><\/p>\n\n\n\n<figure class=\"wp-block-table\"><table class=\"has-fixed-layout\"><tbody><tr><td><br><strong>Den h\u00e4r hemsidan ger mer fakta, men \u00e4r t\u00e4nkt att l\u00e4sas och begrundas med eftertanke utan br\u00e5dska.<\/strong><br>\u00a0<br><a href=\"https:\/\/www.alsikekloster.com\/index.php\/about-us\/\">Mer om oss<\/a><br><br><a href=\"english\/english1.htm\">Welcome to website in English<\/a><br><\/td><\/tr><\/tbody><\/table><\/figure>\n\n\n\n<p class=\"has-heading-font-family has-x-large-font-size\" style=\"line-height:1.2\"><\/p>\n\n\n\n<div class=\"wp-block-group has-global-padding is-content-justification-left is-layout-constrained wp-container-core-group-is-layout-9fe8ed88 wp-block-group-is-layout-constrained\">\n<p class=\"wp-container-content-0733e5d0\"><\/p>\n\n\n\n<div class=\"wp-block-buttons is-layout-flex wp-block-buttons-is-layout-flex\">\n<div class=\"wp-block-button\"><a class=\"wp-block-button__link wp-element-button\" href=\"https:\/\/www.alsikekloster.com\/index.php\/about-us\/\">About us<\/a><\/div>\n<\/div>\n<\/div>\n<\/div>\n<\/div>\n\n\n\n<div class=\"wp-block-column is-vertically-aligned-center is-layout-flow wp-block-column-is-layout-flow\" style=\"flex-basis:50%\">\n<figure class=\"wp-block-image size-full is-style-rounded is-style-rounded--1\"><img loading=\"lazy\" decoding=\"async\" width=\"297\" height=\"223\" src=\"https:\/\/www.alsikekloster.com\/wp-content\/uploads\/2024\/08\/systrarnas_hem.jpg\" alt=\"\" class=\"wp-image-77\" style=\"aspect-ratio:3\/4;object-fit:cover\"\/><\/figure>\n<\/div>\n<\/div>\n<\/div>\n\n\n\n<div class=\"wp-block-group alignfull has-base-2-background-color has-background has-global-padding is-layout-constrained wp-container-core-group-is-layout-669513ed wp-block-group-is-layout-constrained\" style=\"margin-top:0;margin-bottom:0;padding-top:var(--wp--preset--spacing--50);padding-right:var(--wp--preset--spacing--50);padding-bottom:var(--wp--preset--spacing--50);padding-left:var(--wp--preset--spacing--50)\">\n<h2 class=\"wp-block-heading has-text-align-center is-style-asterisk\"><strong>De olika omr\u00e5den som vi tar upp<\/strong><br><strong>p\u00e5 v\u00e5r hemsida<\/strong><\/h2>\n\n\n\n<div class=\"wp-block-group is-vertical is-content-justification-center is-layout-flex wp-container-core-group-is-layout-52b864f0 wp-block-group-is-layout-flex\">\n<div style=\"height:0px\" aria-hidden=\"true\" class=\"wp-block-spacer wp-container-content-4f2ccadb\"><\/div>\n\n\n\n<p class=\"has-text-align-center\"><\/p>\n<\/div>\n\n\n\n<div class=\"wp-block-columns alignwide is-layout-flex wp-container-core-columns-is-layout-d0bbbce0 wp-block-columns-is-layout-flex\">\n<div class=\"wp-block-column is-layout-flow wp-container-core-column-is-layout-e3d1c41b wp-block-column-is-layout-flow\">\n<h3 class=\"wp-block-heading has-text-align-left is-style-asterisk has-body-font-family has-medium-font-size\" style=\"font-style:normal;font-weight:600\"><strong><a href=\"https:\/\/www.alsikekloster.com\/index.php\/vart-klosterliv\/\">V\u00e5rt klosterliv<\/a><\/strong><\/h3>\n\n\n\n<p class=\"has-text-align-left\">\u00c5terigen ordet GEMENSKAP. I&nbsp;GUDS&nbsp;RIKE kan man inte beh\u00e5lla n\u00e5got f\u00f6r sig sj\u00e4lv, f\u00f6r allt man har \u00e4r ett l\u00e5n fr\u00e5n&nbsp;GUDS&nbsp;godhet.&nbsp; d\u00e4rf\u00f6r l\u00e4gger en klostersyster allt vad hon har och \u00e4r i den gemensamma potten att brukas efter de behov som uppst\u00e5r.<\/p>\n\n\n\n<p class=\"has-text-align-left\">Detta \u00e4r den rikedom som klostren kallar fattigdom<\/p>\n<\/div>\n\n\n\n<div class=\"wp-block-column is-layout-flow wp-container-core-column-is-layout-e3d1c41b wp-block-column-is-layout-flow\">\n<h3 class=\"wp-block-heading has-text-align-left is-style-asterisk has-body-font-family has-medium-font-size\" style=\"font-style:normal;font-weight:600\"><strong><a href=\"https:\/\/www.alsikekloster.com\/index.php\/flyktingarbete\/\">Flyktingarbete<\/a><\/strong><\/h3>\n\n\n\n<p class=\"has-text-align-left\">Vi har alltid levat med \u00f6ppna d\u00f6rrar mot m\u00e4nniskor i n\u00f6d. 1978 tog vi emot v\u00e5r f\u00f6rsta flyktingfamilj utan att veta vad vi egentligen gav oss in p\u00e5. Sedan dess har det bara fortsatt. Som flyktingsituationen ser ut idag g\u00e5r det inte att sluta.<\/p>\n\n\n\n<p class=\"has-text-align-left\">Vi har under \u00e5ren f\u00e5tt stor erfarenhet och m\u00e5nga v\u00e4nner i ett stort n\u00e4tverk. Vi samverkar med m\u00e5nga andra organisationer som arbetar f\u00f6r samma sak.<\/p>\n<\/div>\n\n\n\n<div class=\"wp-block-column is-layout-flow wp-container-core-column-is-layout-e3d1c41b wp-block-column-is-layout-flow\">\n<h3 class=\"wp-block-heading has-text-align-left is-style-asterisk has-body-font-family has-medium-font-size\" style=\"font-style:normal;font-weight:600\"><strong><a href=\"https:\/\/www.alsikekloster.com\/index.php\/medarbetare-gast\/\">Medarbetare \/ G\u00e4st<\/a><\/strong><\/h3>\n\n\n\n<p class=\"has-text-align-left\">Under \u00e5ren har m\u00e5nga kommit f\u00f6r att dela v\u00e5rt liv och v\u00e5rt arbete utan att vilja bli medlemmar av v\u00e5r klosterfamilj.<br><br>S\u00e5 har det kring flyktingarbetet ett helt n\u00e4tverk av medarbetare. Bland dem har vi tagit emot volont\u00e4rer f\u00f6r kortare eller l\u00e4ngre tid som d\u00e4rigenom f\u00e5tt erfarenheter och praktik, mot mat och husrum.<br><br><\/p>\n<\/div>\n<\/div>\n\n\n\n<div style=\"height:var(--wp--preset--spacing--20)\" aria-hidden=\"true\" class=\"wp-block-spacer\"><\/div>\n\n\n\n<div class=\"wp-block-columns alignwide is-layout-flex wp-container-core-columns-is-layout-d0bbbce0 wp-block-columns-is-layout-flex\">\n<div class=\"wp-block-column is-layout-flow wp-container-core-column-is-layout-e3d1c41b wp-block-column-is-layout-flow\">\n<h3 class=\"wp-block-heading has-text-align-left is-style-asterisk has-body-font-family has-medium-font-size\" style=\"font-style:normal;font-weight:600\"><strong><a href=\"https:\/\/www.alsikekloster.com\/index.php\/god-kristen-handledning\/\">God kristen handledning<\/a><\/strong><\/h3>\n\n\n\n<p class=\"has-text-align-left\"><strong>Om Jesus<\/strong><\/p>\n\n\n\n<p>Kristen tro st\u00e5r och faller med Jesus. Om du vill bli kristen p\u00e5 allvar m\u00e5ste du l\u00e4ra k\u00e4nna honom.<\/p>\n\n\n\n<p><em>Vem&nbsp;\u00e4r han och hur b\u00e4r man sig \u00e5t?<br><\/em>Det \u00e4r det som den f\u00f6ljande handledningen vill hj\u00e4lpa dig med.<\/p>\n\n\n\n<p><strong>Det f\u00f6rsta<\/strong>&nbsp;man m\u00e5ste f\u00f6rst\u00e5 \u00e4r att han finns NU. En rum\u00e4nsk biskop ber\u00e4ttar om en man som var marxist och som g\u00e4rna diskuterade med sin kristne v\u00e4n.&nbsp; Du s\u00e4ger att han lever men hur ska jag veta det? fr\u00e5gade han. V\u00e4nnen sa: S\u00e4tt fram en tom stol, s\u00e4tt dig p\u00e5 en annan och b\u00f6rja prata med honom.<\/p>\n\n\n\n<p class=\"has-text-align-left\">Mannen gjorde s\u00e5 \u2013 och sen fick ingen annan s\u00e4tta sig p\u00e5 den stolen f\u00f6r den hade Jesus suttit p\u00e5.<\/p>\n<\/div>\n\n\n\n<div class=\"wp-block-column is-layout-flow wp-container-core-column-is-layout-e3d1c41b wp-block-column-is-layout-flow\">\n<h3 class=\"wp-block-heading has-text-align-left is-style-asterisk has-body-font-family has-medium-font-size\" style=\"font-style:normal;font-weight:600\"><strong><a href=\"https:\/\/www.alsikekloster.com\/index.php\/kapellet\/\">Kapellet<\/a><\/strong><\/h3>\n\n\n\n<p class=\"has-text-align-left\">I v\u00e5rt kapell upplever vi med kyrko\u00e5rets hj\u00e4lp i m\u00e4ssa och tideb\u00f6n v\u00e5r fr\u00e4lsningshistoria.<\/p>\n\n\n\n<p>Efter adventets f\u00f6rberedelsefest firar vi&nbsp;<strong>Jesu Kristi<\/strong>&nbsp;f\u00f6delses fest med att bygga en krubba framf\u00f6r altaret.<\/p>\n\n\n\n<p class=\"has-text-align-left\">Detta \u00e4r b\u00f6rjan p\u00e5 historien!<br><\/p>\n<\/div>\n\n\n\n<div class=\"wp-block-column is-layout-flow wp-container-core-column-is-layout-e3d1c41b wp-block-column-is-layout-flow\">\n<h3 class=\"wp-block-heading has-text-align-left is-style-asterisk has-body-font-family has-medium-font-size\" style=\"font-style:normal;font-weight:600\"><strong><a href=\"https:\/\/www.alsikekloster.com\/index.php\/aktuellt\/\">Aktuellt<\/a><\/strong><\/h3>\n\n\n\n<p class=\"has-text-align-left\">Go hear to see all current and past news<\/p>\n<\/div>\n<\/div>\n\n\n\n<p><\/p>\n<\/div>\n\n\n\n<div class=\"wp-block-group alignfull has-base-color has-contrast-background-color has-text-color has-background has-link-color wp-elements-8cb183acae3f3c776fd4a0b87f3bd448 has-global-padding is-layout-constrained wp-container-core-group-is-layout-d89aad35 wp-block-group-is-layout-constrained\" style=\"margin-top:0;margin-bottom:0;padding-top:var(--wp--preset--spacing--50);padding-right:var(--wp--preset--spacing--50);padding-bottom:var(--wp--preset--spacing--50);padding-left:var(--wp--preset--spacing--50)\">\n<h2 class=\"wp-block-heading alignwide has-base-color has-text-color has-link-color wp-elements-c9b5699bdecff18878afa112249018b5\" style=\"font-size:clamp(4.509rem, 4.509rem + ((1vw - 0.2rem) * 9.152), 10rem);letter-spacing:-0.02em\">FAQs<\/h2>\n\n\n\n<div class=\"wp-block-group alignwide is-layout-flow wp-block-group-is-layout-flow\">\n<hr class=\"wp-block-separator has-text-color has-base-color has-alpha-channel-opacity has-base-background-color has-background is-style-wide\" style=\"margin-top:var(--wp--preset--spacing--30);margin-bottom:var(--wp--preset--spacing--30)\"\/>\n\n\n\n<h3 class=\"wp-block-heading alignwide has-base-2-color has-text-color has-link-color wp-elements-66cd4e00301105e4e972cf390ec2bb98\"><strong>Varf\u00f6r g\u00e5r man i kloster?<\/strong><\/h3>\n\n\n\n<p>Det beror p\u00e5 en kallelse. En l\u00e4ngtan efter att svara p\u00e5&nbsp;<strong>GUDS&nbsp;<\/strong>tilltal.<\/p>\n\n\n\n<p><strong>Kan man l\u00e4mna , sluta att vara nunna?<\/strong><\/p>\n\n\n\n<p>Under den l\u00e5nga intr\u00e4ningstiden b\u00f6r man ta reda p\u00e5 om detta \u00e4r&nbsp;<strong>GUDS<\/strong>&nbsp;vilja med mitt liv.<\/p>\n\n\n\n<p>En otillfredsst\u00e4lld syster \u00e4r inte till n\u00e5gon gl\u00e4dje varken f\u00f6r&nbsp;<strong>GUD<\/strong>, gemenskapen eller sig sj\u00e4lv.<\/p>\n\n\n\n<p><strong>Varf\u00f6r kan man inte vara nunna f\u00f6r en kort tid?<\/strong><\/p>\n\n\n\n<p>Kan man t\u00e4nka sig en brud som under vigselakten s\u00e4ger: Jag vill \u00e4lska dig i n\u00f6d&nbsp;och lust, men bara under tv\u00e5 och ett halvt \u00e5r.Det \u00e4r likadant med nunnan och hennes svar.<\/p>\n\n\n\n<p><strong>Saknar du inte n\u00e5got?<\/strong><\/p>\n\n\n\n<p>Om jag vet att det \u00e4r h\u00e4r&nbsp;<strong>GUD&nbsp;<\/strong>vill ha mig, \u00e4r jag n\u00f6jd. Jag \u00e4r tillfreds.<\/p>\n\n\n\n<p><strong>M\u00e5ste ni alltid ha de d\u00e4r kl\u00e4derna?<\/strong><\/p>\n\n\n\n<p>Vi har inga andra! Dessutom \u00e4r de praktiska, spar tid \u2013 jag beh\u00f6ver aldrig st\u00e5 framf\u00f6r garderobsd\u00f6rren och fundera p\u00e5 vad jag skall ha p\u00e5 mig, de spar pengar \u2013 beh\u00f6ver inte f\u00f6lja med i modets trender och dessutom \u00e4r det ett vittnesb\u00f6rd &#8211; alla vet vad dr\u00e4kten st\u00e5r f\u00f6r. Men vi har arbetskl\u00e4der anpassade efter&nbsp;&nbsp;arbetsmilj\u00f6n som tr\u00e4dg\u00e5rdsarbete, m\u00e5lning mm<\/p>\n\n\n\n<p><strong>Kan man&nbsp;&nbsp;vara gift n\u00e4r man vill bli nunna?<\/strong><\/p>\n\n\n\n<p>Nej, som gift har man dubbla lojaliteter &#8211; till maka\/make och barn. Det finns de som har skiljt sig f\u00f6r att g\u00e5 i kloster, men d\u00e5 med b\u00e5das samtycke, eller efter skiljsm\u00e4ssa. F\u00f6ruts\u00e4ttningen \u00e4r att man inte har ansvar f\u00f6r barnen.<\/p>\n\n\n\n<p><strong>\u00c4r det roligt att vara nunna?<\/strong><\/p>\n\n\n\n<p>Om jag g\u00f6r det&nbsp;<strong>GUD&nbsp;<\/strong>vill med mig \u00e4r jag n\u00f6jd. s\u00e4llan skrattas det s\u00e5 mycket som i kloster. \u00c4r man glad \u00e5t lite har man mycket att gl\u00e4djas \u00e5t.<\/p>\n\n\n\n<p><strong>Ni \u00e4r ju bara tre . Varf\u00f6r?<\/strong><\/p>\n\n\n\n<p><strong>GUD&nbsp;<\/strong>ser inte till antalet. Det var 12 apostlar som fick uppdraget att sprida evangelium till hela v\u00e4rlden. Vi har i Sverige inte haft kloster sedan reformationen s\u00e5 det \u00e4r inte s\u00e5 m\u00e5nga som vet att vi finns.<\/p>\n\n\n\n<p><strong>Framtiden?<\/strong><\/p>\n\n\n\n<p>Framtiden ligger helt i&nbsp;<strong>GUDS<\/strong>&nbsp;h\u00e4nder. Vill han att vi ska forts\u00e4tta s\u00e4nder han oss aspiranter. Vill han inte- har vi i alla fall s\u00e5tt ett klosterfr\u00f6 i Svenska Kyrkan och vet oss ha f\u00f6ljt Hans vilja s\u00e5 l\u00e5ngt vi f\u00f6rst\u00e5tt den. Du kanske sitter inne med svaret !<\/p>\n\n\n\n<p><strong>Vad g\u00f6r du p\u00e5 fritiden? Har du semester?<\/strong><\/p>\n\n\n\n<p>Vilken fritid? En nunna \u00e4r nunna hela dygnet, inte bara mellan 9-5! Men vi f\u00e5r semester f\u00f6r studieresor till andra kloster, eller f\u00f6r att h\u00e4lsa p\u00e5 familjen, eller f\u00f6r ren vila.<\/p>\n\n\n\n<p><strong>Varf\u00f6r har du sl\u00f6ja?<\/strong><\/p>\n\n\n\n<p>Sl\u00f6jan \u00e4r tecknet p\u00e5 att du tillh\u00f6r Kristus. F\u00f6rr i v\u00e4rlden var det ocks\u00e5 ett tecken p\u00e5 att man tillh\u00f6rde sin man, som det fortfarande \u00e4r p\u00e5 m\u00e5nga h\u00e5ll i v\u00e4rlden.<\/p>\n\n\n\n<p><strong>L\u00e4ngtar du inte efter egna barn?<\/strong><\/p>\n\n\n\n<p>Man \u00e4ger inte barn. Barnen \u00e4r alltid sina egna. Jesus lovar att den som f\u00f6r hans&nbsp;&nbsp;skull&nbsp;&nbsp;\u00f6verger n\u00e5got skall f\u00e5 hundrafalt igen. Tack gode&nbsp;<strong>GUD<\/strong>&nbsp;att vi inte f\u00e5tt hundra p\u00e5 en g\u00e5ng!<\/p>\n\n\n\n<p><strong>Yrkesarbete?<\/strong><\/p>\n\n\n\n<p>Finns det plats f\u00f6r just min yrkesutbildning ?<\/p>\n\n\n\n<p>Man kan alltid l\u00e4ra sig mycket mer \u00e4n det man utbildats f\u00f6r, men ingen yrkesutbildning\u00e4r bortkastad. P\u00e5 n\u00e5got vis kommer den alltid till anv\u00e4ndning. M\u00e5nga kommuniteter f\u00f6rs\u00f6rjer sig idag med systrar som arbetar ute i samh\u00e4llet. Du f\u00e5r ta reda p\u00e5 vad just v\u00e5r kommunitet s\u00e4ger i den fr\u00e5gan. De flesta kommuniteter f\u00f6ruts\u00e4tter idag att aspiranten har erfarenhet fr\u00e5n yrkeslivet.<\/p>\n\n\n\n<p><strong>\u00c4r inte livet tr\u00e5kigt i ett kloster?<\/strong><\/p>\n\n\n\n<p>Visst kan vardagslivet ibland vara b\u00e5de trist och gr\u00e5tt, men det \u00e4r det ju \u00f6verallt &#8211; v\u00e5r erfarenhet \u00e4r nog att vi skulle vilja ha fler lugna vardagar utan sensationer! Till sin uppbyggnad \u00e4r ju klosterlivet ett ordnat liv med en rytm av b\u00f6n, arbete och vila, ensamhet och m\u00f6ten med m\u00e4nniskor &#8211; trots det \u00e4r ingen dag sig lik.<\/p>\n\n\n\n<p>Men ju lugnare den rytmen \u00e4r, ju b\u00e4ttre m\u00e5r man.<\/p>\n\n\n\n<p><strong>F\u00e5r man roa sig?<\/strong><\/p>\n\n\n\n<p>Oja, men v\u00e5ra behov \u00e4r olika, s\u00e5 vi f\u00e5r ta h\u00e4nsyn till dem. Disko \u00e4r v\u00e4l inte heller&nbsp;precis platsen f\u00f6r en syster, men den heliga Teresa av Spanien som var en stor mystiker brukade dansa till kastanjetter med sina systrar och vi har ett fotoalbum fr\u00e5n ett slutet cistercienskloster, d\u00e4r man roade sig med att kl\u00e4 ut sig. Smaken \u00e4r som sagt olika. Vi kopplar ibland av med en video eller ett glas vin och bokbussen f\u00f6rser oss med bl a goda deckare.<\/p>\n\n\n\n<p><strong>K\u00e4nner ni er inte inst\u00e4ngda i ett kloster \u2013 eller f\u00e5r ni g\u00e5 ut?<\/strong><\/p>\n\n\n\n<p>Vi f\u00e5r b\u00e5de g\u00e5 ut och resa bort men hemma \u00e4r b\u00e4st. Vi l\u00e4ngtar alltid tillbaka. Men olika uppgifter och behov g\u00f6r att vi ofta m\u00e5ste \u2013 och en promenad&nbsp; med eller utan v\u00e5r hund h\u00f6r till vardagslunken.<\/p>\n\n\n\n<p>Och numera kan man ju surfa \u00f6ver hela v\u00e4rlden \u2013 en speciell frestelse f\u00f6r mycket&nbsp;slutna kloster s\u00e4gs det!<\/p>\n\n\n\n<p><strong>Fr\u00e5gor man borde st\u00e4lla: Har jag en kallelse till klosterliv? Hur ska jag veta om jag har en kallelse \u2013 finns det n\u00e5gra s\u00e4kra tecken? Om jag tror mig ha en kallelse, vad g\u00f6r jag d\u00e5?<\/strong><br>&nbsp;<\/p>\n\n\n\n<p>Har jag en kallelse till klosterliv?<br>Det \u00e4r en fr\u00e5ga du p\u00e5 stort allvar b\u00f6r st\u00e4lla till Gud och till dig sj\u00e4lv. Att inte svara p\u00e5 en kallelse fr\u00e5n Gud \u00e4r allvarligt.<br><br>Hur ska jag veta om jag har en kallelse \u2013 finns det n\u00e5gra s\u00e4kra tecken?<br>Det s\u00e4kraste tecknet \u00e4r att du inte kan bli av med fr\u00e5gan. Ett annat tecken kan vara att du trivs v\u00e4ldigt bra i det kloster du ofta bes\u00f6ker.<br><br>Om jag nu tror mig ha en kallelse, vad g\u00f6r jag d\u00e5?<br>Det f\u00f6rsta du g\u00f6r \u00e4r att avh\u00e5lla dig fr\u00e5n intimt umg\u00e4nge med det motsatta k\u00f6net, eftersom klosterlivet inneb\u00e4r att ge hela sin k\u00e4rlek \u00e5t Gud.<br>Det andra du g\u00f6r \u00e4r att ta kontakt med ett kloster om du inte redan gjort det.<br>Det tredje \u00e4r att v\u00e5ga ta steget in och pr\u00f6va.<br><br>Konstigare \u00e4r det inte \u2013 men allvarsamt!<strong>Varf\u00f6r g\u00e5r man i kloster?<\/strong><\/p>\n\n\n\n<p class=\"has-contrast-1-color has-text-color has-link-color wp-elements-716cfbd4f7216de6ca912ac63e975f57\">Det beror p\u00e5 en kallelse. En l\u00e4ngtan efter att svara p\u00e5&nbsp;<strong>GUDS&nbsp;<\/strong>tilltal.<\/p>\n\n\n\n<hr class=\"wp-block-separator has-text-color has-base-color has-alpha-channel-opacity has-base-background-color has-background is-style-wide\" style=\"margin-top:var(--wp--preset--spacing--30);margin-bottom:var(--wp--preset--spacing--30)\"\/>\n\n\n\n<p class=\"has-contrast-1-color has-text-color has-link-color wp-elements-8a6244d0256af1d148be9c6f8727b5fe\"><\/p>\n\n\n\n<div style=\"margin-top:var(--wp--preset--spacing--10);margin-bottom:0;height:var(--wp--preset--spacing--10)\" aria-hidden=\"true\" class=\"wp-block-spacer\"><\/div>\n<\/div>\n<\/div>\n\n\n\n<p><\/p>\n","protected":false},"excerpt":{"rendered":"<p>Den h\u00e4r hemsidan ger mer fakta, men \u00e4r t\u00e4nkt att l\u00e4sas och begrundas med eftertanke utan br\u00e5dska.\u00a0Mer om oss Welcome to website in English De olika omr\u00e5den som vi tar uppp\u00e5 v\u00e5r hemsida V\u00e5rt klosterliv \u00c5terigen ordet GEMENSKAP. I&nbsp;GUDS&nbsp;RIKE kan man inte beh\u00e5lla n\u00e5got f\u00f6r sig sj\u00e4lv, f\u00f6r allt man har \u00e4r ett l\u00e5n fr\u00e5n&nbsp;GUDS&nbsp;godhet.&nbsp; [&hellip;]<\/p>\n","protected":false},"author":1,"featured_media":0,"parent":0,"menu_order":0,"comment_status":"closed","ping_status":"closed","template":"","meta":{"footnotes":""},"class_list":["post-94","page","type-page","status-publish","hentry"],"_links":{"self":[{"href":"https:\/\/www.alsikekloster.com\/index.php\/wp-json\/wp\/v2\/pages\/94","targetHints":{"allow":["GET"]}}],"collection":[{"href":"https:\/\/www.alsikekloster.com\/index.php\/wp-json\/wp\/v2\/pages"}],"about":[{"href":"https:\/\/www.alsikekloster.com\/index.php\/wp-json\/wp\/v2\/types\/page"}],"author":[{"embeddable":true,"href":"https:\/\/www.alsikekloster.com\/index.php\/wp-json\/wp\/v2\/users\/1"}],"replies":[{"embeddable":true,"href":"https:\/\/www.alsikekloster.com\/index.php\/wp-json\/wp\/v2\/comments?post=94"}],"version-history":[{"count":20,"href":"https:\/\/www.alsikekloster.com\/index.php\/wp-json\/wp\/v2\/pages\/94\/revisions"}],"predecessor-version":[{"id":169,"href":"https:\/\/www.alsikekloster.com\/index.php\/wp-json\/wp\/v2\/pages\/94\/revisions\/169"}],"wp:attachment":[{"href":"https:\/\/www.alsikekloster.com\/index.php\/wp-json\/wp\/v2\/media?parent=94"}],"curies":[{"name":"wp","href":"https:\/\/api.w.org\/{rel}","templated":true}]}}